{"id":1053,"date":"2016-10-10T16:03:04","date_gmt":"2016-10-10T16:03:04","guid":{"rendered":"https:\/\/grand-vide.com\/grand-vide\/"},"modified":"2020-11-26T09:10:00","modified_gmt":"2020-11-26T09:10:00","slug":"grand-vide","status":"publish","type":"page","link":"https:\/\/grand-vide.com\/fr\/grand-vide\/","title":{"rendered":"Grand Vide"},"content":{"rendered":"<div id='full_slider_1'  class='avia-fullwidth-slider main_color avia-shadow   avia-builder-el-0  el_before_av_section  avia-builder-el-first   container_wrap fullsize' style=' '  ><div   data-size='featured_large'  data-lightbox_size='large'  data-animation='fade'  data-conditional_play=''  data-ids='502,1207,495,363,497,496,509,499,795,773,498,494'  data-video_counter='0'  data-autoplay='true'  data-bg_slider='false'  data-slide_height=''  data-handle='av_slideshow_full'  data-interval='6'  data-class=' '  data-el_id=''  data-css_id=''  data-scroll_down=''  data-control_layout='av-control-minimal'  data-custom_markup=''  data-perma_caption=''  data-autoplay_stopper=''  data-image_attachment=''  data-min_height='0px'  data-src=''  data-position='top left'  data-repeat='no-repeat'  data-attach='scroll'  data-stretch=''  data-default-height='42'  class='avia-slideshow avia-slideshow-1  av-control-minimal av-default-height-applied avia-slideshow-featured_large av_slideshow_full   avia-fade-slider '  itemprop=\"image\" itemscope=\"itemscope\" itemtype=\"https:\/\/schema.org\/ImageObject\" ><ul class='avia-slideshow-inner ' style='padding-bottom: 42%;' ><li  class=' slide-1 ' ><a href='https:\/\/grand-vide.com\/premier-jour\/' data-rel='slideshow-1' class='avia-slide-wrap '   ><img src='https:\/\/grand-vide.com\/wp-content\/uploads\/2018\/07\/dogma95_normandie_trouville_deauville_GrandVide_Mode_LaPlage_Andreas_Gerhardt_Photographer_Tatjana_Patitz_Lindbergh_SchwarzWeiss_AnalogR002-023dup.jpg' width='1500' height='630' title='le matin' alt=''  itemprop=\"thumbnailUrl\"   \/><\/a><\/li><li  class=' slide-2 ' ><div data-rel='slideshow-1' class='avia-slide-wrap '   ><img src='https:\/\/grand-vide.com\/wp-content\/uploads\/2020\/11\/dogma95_normandie_trouville_deauville_GrandVide_Mode_LaPlage_Andreas_Gerhardt_Photographer_Tatjana_Patitz_Lindbergh_SchwarzWeiss_AnalogR012-008dup-1500x630.jpg' width='1500' height='630' title='dogma95_normandie_trouville_deauville_GrandVide_Mode_LaPlage_Andreas_Gerhardt_Photographer_Tatjana_Patitz_Lindbergh_SchwarzWeiss_AnalogR012-008dup' alt=''  itemprop=\"thumbnailUrl\"   \/><\/div><\/li><li  class=' slide-3 ' ><a href='https:\/\/grand-vide.com\/premier-jour\/' data-rel='slideshow-1' class='avia-slide-wrap '   ><img src='https:\/\/grand-vide.com\/wp-content\/uploads\/2018\/07\/dogma95_normandie_trouville_deauville_GrandVide_Mode_LaPlage_Andreas_Gerhardt_Photographer_Tatjana_Patitz_Lindbergh__MGL8510.jpg' width='1500' height='630' title='Trouville' alt=''  itemprop=\"thumbnailUrl\"   \/><\/a><\/li><li  class=' slide-4 ' ><a href='https:\/\/grand-vide.com\/premier-jour\/' data-rel='slideshow-1' class='avia-slide-wrap '   ><img src='https:\/\/grand-vide.com\/wp-content\/uploads\/2018\/05\/dogma95_normandie_trouville_deauville_GrandVide_Mode_LaPlage_Andreas_Gerhardt_Photographer_Tatjana_Patitz_Lindbergh_SchwarzWeiss_Analog6_R002-014dup-1500x630.jpg' width='1500' height='630' title='a la restaurant' alt=''  itemprop=\"thumbnailUrl\"   \/><\/a><\/li><li  class=' slide-5 ' ><a href='https:\/\/grand-vide.com\/premier-jour\/' data-rel='slideshow-1' class='avia-slide-wrap '   ><img src='https:\/\/grand-vide.com\/wp-content\/uploads\/2018\/07\/dogma95_normandie_trouville_deauville_GrandVide_Mode_LaPlage_Andreas_Gerhardt_Photographer_Tatjana_Patitz_Lindbergh__MGL8531.jpg' width='1500' height='630' title='Casino' alt=''  itemprop=\"thumbnailUrl\"   \/><\/a><\/li><li  class=' slide-6 ' ><a href='https:\/\/grand-vide.com\/deuxieme-jour\/' data-rel='slideshow-1' class='avia-slide-wrap '   ><img src='https:\/\/grand-vide.com\/wp-content\/uploads\/2018\/07\/dogma95_normandie_trouville_deauville_GrandVide_Mode_LaPlage_Andreas_Gerhardt_Photographer_Tatjana_Patitz_Lindbergh__MGL8519var.jpg' width='1500' height='630' title='Einsamkeit' alt=''  itemprop=\"thumbnailUrl\"   \/><\/a><\/li><li  class=' slide-7 ' ><a href='https:\/\/grand-vide.com\/deuxieme-jour\/' data-rel='slideshow-1' class='avia-slide-wrap '   ><img src='https:\/\/grand-vide.com\/wp-content\/uploads\/2018\/07\/dogma95_normandie_trouville_deauville_GrandVide_Mode_LaPlage_Andreas_Gerhardt_Photographer_Tatjana_Patitz_Lindbergh_Shooting_34D1575.jpg' width='1500' height='630' title='\u00e1 la Plage' alt=''  itemprop=\"thumbnailUrl\"   \/><\/a><\/li><li  class=' slide-8 ' ><a href='https:\/\/grand-vide.com\/deuxieme-jour\/' data-rel='slideshow-1' class='avia-slide-wrap '   ><img src='https:\/\/grand-vide.com\/wp-content\/uploads\/2018\/07\/dogma95_normandie_trouville_deauville_GrandVide_Mode_LaPlage_Andreas_Gerhardt_Photographer_Tatjana_Patitz_Lindbergh__MGL8562.jpg' width='1500' height='630' title='la plage' alt=''  itemprop=\"thumbnailUrl\"   \/><\/a><\/li><li  class=' slide-9 ' ><a href='https:\/\/grand-vide.com\/deuxieme-jour\/' data-rel='slideshow-1' class='avia-slide-wrap '   ><img src='https:\/\/grand-vide.com\/wp-content\/uploads\/2019\/12\/dogma95_normandie_trouville_deauville_GrandVide_Mode_LaPlage_Andreas_Gerhardt_Photographer_Tatjana_Patitz_Lindbergh__MGL8510_001_013var_ausschnitt-1500x630.jpg' width='1500' height='630' title='Verbindung' alt=''  itemprop=\"thumbnailUrl\"   \/><\/a><\/li><li  class=' slide-10 ' ><a href='https:\/\/grand-vide.com\/deuxieme-jour\/' data-rel='slideshow-1' class='avia-slide-wrap '   ><img src='https:\/\/grand-vide.com\/wp-content\/uploads\/2019\/12\/dogma95_normandie_trouville_deauville_GrandVide_Mode_LaPlage_Andreas_Gerhardt_Photographer_Tatjana_Patitz_Lindbergh_SchwarzWeiss_Analog_010-012dup-1-1500x630.jpg' width='1500' height='630' title='dogma95_normandie_trouville_deauville_GrandVide_Mode_LaPlage_Andreas_Gerhardt_Photographer_Tatjana_Patitz_Lindbergh_SchwarzWeiss_Analog_010-012dup' alt='Sanftheit'  itemprop=\"thumbnailUrl\"   \/><\/a><\/li><li  class=' slide-11 ' ><a href='https:\/\/grand-vide.com\/troisieme-jour\/' data-rel='slideshow-1' class='avia-slide-wrap '   ><img src='https:\/\/grand-vide.com\/wp-content\/uploads\/2018\/07\/dogma95_normandie_trouville_deauville_GrandVide_Mode_LaPlage_Andreas_Gerhardt_Photographer_Tatjana_Patitz_Lindbergh__MGL8547.jpg' width='1500' height='630' title='der Hafen' alt=''  itemprop=\"thumbnailUrl\"   \/><\/a><\/li><li  class=' slide-12 ' ><a href='https:\/\/grand-vide.com\/premier-jour\/' data-rel='slideshow-1' class='avia-slide-wrap '   ><img src='https:\/\/grand-vide.com\/wp-content\/uploads\/2018\/07\/dogma95_normandie_trouville_deauville_GrandVide_Mode_LaPlage_Andreas_Gerhardt_Photographer_Tatjana_Patitz_Lindbergh__34D1746.jpg' width='1500' height='630' title='Leere' alt=''  itemprop=\"thumbnailUrl\"   \/><\/a><\/li><\/ul><div class='avia-slideshow-arrows avia-slideshow-controls'><a href='#prev' class='prev-slide' aria-hidden='true' data-av_icon='\ue87c' data-av_iconfont='entypo-fontello'>Pr\u00e9c\u00e9dent<\/a><a href='#next' class='next-slide' aria-hidden='true' data-av_icon='\ue87d' data-av_iconfont='entypo-fontello'>Suivant<\/a><\/div><div class='avia-slideshow-dots avia-slideshow-controls'><a href='#1' class='goto-slide active' >1<\/a><a href='#2' class='goto-slide ' >2<\/a><a href='#3' class='goto-slide ' >3<\/a><a href='#4' class='goto-slide ' >4<\/a><a href='#5' class='goto-slide ' >5<\/a><a href='#6' class='goto-slide ' >6<\/a><a href='#7' class='goto-slide ' >7<\/a><a href='#8' class='goto-slide ' >8<\/a><a href='#9' class='goto-slide ' >9<\/a><a href='#10' class='goto-slide ' >10<\/a><a href='#11' class='goto-slide ' >11<\/a><a href='#12' class='goto-slide ' >12<\/a><\/div><\/div><\/div>\n<div id='av_section_1'  class='avia-section main_color avia-section-no-padding avia-shadow avia-bg-style-scroll  avia-builder-el-1  el_after_av_slideshow_full  el_before_av_three_fourth   av-mini-hide container_wrap fullsize' style=' margin-top:-45px; margin-bottom:-65px; '  ><div class='av-section-color-overlay-wrap'><a href='#next-section' title='' class='scroll-down-link  av-custom-scroll-down-color' style='color: #ffffff;' aria-hidden='true' data-av_icon='\ue877' data-av_iconfont='entypo-fontello'><\/a><div class='container' ><div class='template-page content  av-content-full alpha units'><div class='post-entry post-entry-type-page post-entry-1053'><div class='entry-content-wrapper clearfix'><\/div><\/div><\/div><!-- close content main div --><\/div><\/div><\/div><div id='after_section_1'  class='main_color av_default_container_wrap container_wrap fullsize' style=' '  ><div class='container' ><div class='template-page content  av-content-full alpha units'><div class='post-entry post-entry-type-page post-entry-1053'><div class='entry-content-wrapper clearfix'>\n<div class=\"flex_column av_three_fourth  av-animated-generic pop-up  flex_column_div avia-link-column av-column-link avia-link-column-hover first  avia-builder-el-2  el_after_av_section  el_before_av_one_full  avia-builder-el-first  \" style='border-width:3px; border-color:#d1d1d1; border-style:solid; padding:10px; border-radius:5px; ' data-link-column-url=\"https:\/\/grand-vide.com\/communique-dogma95\/\" ><a class=\"av-screen-reader-only\" href=https:\/\/grand-vide.com\/communique-dogma95\/ >Le site internet:communiqu\u00e9<\/a><section class=\"av_textblock_section \"  itemscope=\"itemscope\" itemtype=\"https:\/\/schema.org\/CreativeWork\" ><div class='avia_textblock  '   itemprop=\"text\" ><h1>Qu&rsquo;est ch c&rsquo;est Grand Vide?<\/h1>\n<p>C&rsquo;est sur la base des lignes directrices de Dogma95 que se fonde ce project. Le photographe allmand Andreas Gerhardt s&rsquo;inspir\u00e9 des id\u00e9es qu&rsquo;il contient. Bonjour Tristesse est la premi\u00e8re histoire d&rsquo;une s\u00e9rie d&rsquo;episodes ferm\u00e9s en plusieurs parties. Des informations d\u00e9taill\u00e9es sur cette id\u00e9e figurent notamment dans le<span class=\"Apple-converted-space\">\u00a0<\/span><span style=\"color: #993366;\"><a style=\"color: #993366;\" href=\"https:\/\/grand-vide.com\/communique-dogma95\/\">communiqu\u00e9<\/a><\/span><\/p>\n<\/div><\/section><\/div>\n<div class=\"flex_column av_one_full  flex_column_div av-zero-column-padding first  avia-builder-el-4  el_after_av_three_fourth  el_before_av_one_half  column-top-margin\" style='border-radius:0px; '><section class=\"av_textblock_section \"  itemscope=\"itemscope\" itemtype=\"https:\/\/schema.org\/CreativeWork\" ><div class='avia_textblock  '   itemprop=\"text\" ><h1>Bonjour Tristesse<\/h1>\n<p>Les longues plages solitaires et l&rsquo;\u00e9tendue infinie de la mer remplissent le voyageur de vide romantique.<span class=\"Apple-converted-space\">\u00a0 <\/span>Quiconque a \u00e9t\u00e9 \u00e0 l&rsquo;Atlantique ne l\u00e2che jamais son d\u00e9sir de nonchalance, d&rsquo;\u00e9l\u00e9gance et de nonchalance.<span class=\"Apple-converted-space\">\u00a0 <\/span>Une tristesse positive et autonome.<span class=\"Apple-converted-space\">\u00a0 <\/span>On se retrouve, puis le sophistiqu\u00e9 et l&rsquo;opulent.<\/p>\n<p>Des villes comme Deauville et Trouville-sur-mer dans le d\u00e9partement du Calvados \u00e9taient et sont toujours le lieu de rencontre de la Hautvol\u00e9e et des perles d&rsquo;une \u00e9poque r\u00e9volue. Trouville, autrefois un village de p\u00eacheurs idyllique, pour les vacanciers en qu\u00eate d&rsquo;authenticit\u00e9 et de solitude. Puis le passage \u00e0 la \u00ab\u00a0Reine des Plages\u00a0\u00bb, les baignades dans la mer sont devenues \u00e0 la mode.<\/p>\n<p>Deauville a toujours \u00e9t\u00e9 la station baln\u00e9aire \u00e0 la mode qui \u00e9tait et est toujours aim\u00e9e par les riches et les belles, la Jeunesse dor\u00e9e en raison de sa subtile d\u00e9cadence.<span class=\"Apple-converted-space\">\u00a0 <\/span>Les nobles villas de vacances de style n\u00e9o-roman, le casino ainsi que les hippodromes de La Touques et Clairfontaine sont des lieux d&rsquo;\u00e9l\u00e9gance que l&rsquo;on croyait \u00e9ph\u00e9m\u00e8res.<\/p>\n<h2>La plage<\/h2>\n<p>La fra\u00eecheur estivale est d\u00e9pens\u00e9e sur les plages de sable fin, infiniment larges et presque vides.<span class=\"Apple-converted-space\">\u00a0 <\/span>Ce furent autrefois les motifs pr\u00e9f\u00e9r\u00e9s de l&rsquo;impressionniste Eug\u00e8ne Boudin.<span class=\"Apple-converted-space\">\u00a0 <\/span>Les parasols et les chaises de plage color\u00e9s sont typiques de Deauville.<span class=\"Apple-converted-space\">\u00a0 <\/span>Vous fl\u00e2nez le long de la c\u00e9l\u00e8bre Promenade des Planches, passez devant les petits vestiaires qui portent les noms des stars de cin\u00e9ma.<span class=\"Apple-converted-space\">\u00a0 <\/span>C&rsquo;\u00e9tait le podium des artistes.<span class=\"Apple-converted-space\">\u00a0 <\/span>Des c\u00e9l\u00e9brit\u00e9s et des stars de cin\u00e9ma comme Yves Saint Laurent, Maurice Chevalier, Jos\u00e9phine Baker, Jean Gabin, Liz Taylor, Gary Grant et Omar Sharif ont pass\u00e9 les \u00e9t\u00e9s \u00e0 Deauville.<\/p>\n<h2>La mer &#8211; das Meer<\/h2>\n<p>L&rsquo;air est sal\u00e9, le spray rafra\u00eechissant avec cette fra\u00eecheur que l&rsquo;on ne retrouve que sur l&rsquo;Atlantique.<span class=\"Apple-converted-space\">\u00a0 <\/span>Vous \u00e9coutez le surf et profitez du large silence.<span class=\"Apple-converted-space\">\u00a0 <\/span>L&rsquo;\u00e9t\u00e9 sans soucis, le laisser faire, vous pouvez sentir le sel sur votre peau et le sable sous vos pieds.<span class=\"Apple-converted-space\">\u00a0 <\/span>\u00c0 mar\u00e9e basse, la mer est presque inaccessible et pourtant si proche de plonger.<span class=\"Apple-converted-space\">\u00a0 <\/span>La lumi\u00e8re sp\u00e9ciale, elle a d\u00e9j\u00e0 inspir\u00e9 Peter Lindbergh pour les belles photos avec Tatjana Patitz.<span class=\"Apple-converted-space\">\u00a0 <\/span>Nus sur la plage de sable vide de Deauville, photos en noir et blanc, ce sont les jours qui ne veulent pas passer.<\/p>\n<h2>C&rsquo;est vrai<\/h2>\n<p>Deauville et Trouville respirent encore le charme des ann\u00e9es 1960.<span class=\"Apple-converted-space\">\u00a0 <\/span>Si vous vous asseyez dans l&rsquo;un des nombreux caf\u00e9s ou restaurants le long des petites ruelles, vous vous sentez comme si vous \u00e9tiez de retour dans le temps o\u00f9 Coco Chanel a cr\u00e9\u00e9 le must-have du temps, un pantalon en tweed et un pull dans sa petite boutique derri\u00e8re le casino.<span class=\"Apple-converted-space\">\u00a0 <\/span>Les dames portaient la \u00abmode \u00e0 la gar\u00e7onne\u00bb pour les courses hippiques.<span class=\"Apple-converted-space\">\u00a0 <\/span>Vous fermez les yeux et voyez la compagnie \u00e9l\u00e9gamment v\u00eatue se promener.<\/p>\n<\/div><\/section><\/div>\n<div class=\"flex_column av_one_half  flex_column_div av-zero-column-padding first  avia-builder-el-6  el_after_av_one_full  el_before_av_one_half  column-top-margin\" style='border-radius:0px; '><section class=\"av_textblock_section \"  itemscope=\"itemscope\" itemtype=\"https:\/\/schema.org\/CreativeWork\" ><div class='avia_textblock  '   itemprop=\"text\" ><h3>Une petite histoire d&rsquo;amour<\/h3>\n<p>Tout juste \u00e0 Paris, appel l&rsquo;agence, filmer dans un village de p\u00eacheurs de l&rsquo;Atlantique et cela apr\u00e8s une semaine de d\u00e9fil\u00e9 \u00e9puisant dans les maisons de couture de la ville.<span class=\"Apple-converted-space\">\u00a0 <\/span>Et pourtant, il y a une d\u00e9pendance aux paillettes et aux f\u00eates, bien qu&rsquo;il y ait une soif de silence.<span class=\"Apple-converted-space\">\u00a0 <\/span>Des journ\u00e9es sans rien faire, l&rsquo;exub\u00e9rance entre amis et Alain \u00e9taient au rendez-vous.<span class=\"Apple-converted-space\">\u00a0 <\/span>Maintenant ici dans le train, bonjour tristesse.<\/p>\n<\/div><\/section><\/div>\n<div class=\"flex_column av_one_half  flex_column_div av-zero-column-padding   avia-builder-el-8  el_after_av_one_half  el_before_av_one_third  column-top-margin\" style='border-radius:0px; '><section class=\"av_textblock_section \"  itemscope=\"itemscope\" itemtype=\"https:\/\/schema.org\/CreativeWork\" ><div class='avia_textblock  '   itemprop=\"text\" ><p>Linda travaille comme mannequin et est r\u00e9serv\u00e9e pour une petite production photo.<span class=\"Apple-converted-space\">\u00a0 <\/span>Elle doit aller \u00e0 Trouville.<span class=\"Apple-converted-space\">\u00a0 <\/span>C&rsquo;est le devoir qui la fait voyager et le d\u00e9sir persiste quand elle doit repartir.<span class=\"Apple-converted-space\">\u00a0 <\/span>Entre les deux, elle capture la magie et l&rsquo;irr\u00e9alit\u00e9 du lieu.<span class=\"Apple-converted-space\">\u00a0 <\/span>Cette rencontre a-t-elle vraiment eu lieu?<\/p>\n<\/div><\/section><\/div>\n<div class=\"flex_column av_one_third  flex_column_div av-zero-column-padding first  avia-builder-el-10  el_after_av_one_half  el_before_av_one_third  column-top-margin\" style='border-radius:0px; '><div  class='avia-image-container  av-styling-no-styling av-hover-grow noHover  av-overlay-on-hover   avia-builder-el-11  avia-builder-el-no-sibling  avia-align-center '  itemprop=\"image\" itemscope=\"itemscope\" itemtype=\"https:\/\/schema.org\/ImageObject\"  ><div class='avia-image-container-inner'><div class='avia-image-overlay-wrap'><a href='https:\/\/grand-vide.com\/premier-jour\/' class='avia_image'  ><div class='av-image-caption-overlay'><div class='av-caption-image-overlay-bg' style='opacity:0.8; background-color:#ffffff; '><\/div><div class='av-image-caption-overlay-position'><div class='av-image-caption-overlay-center' style='color:#707070; '><p>premier jour<\/p>\n<\/div><\/div><\/div><img class='avia_image ' src='https:\/\/grand-vide.com\/wp-content\/uploads\/2018\/05\/dogma95_normandie_trouville_deauville_GrandVide_Mode_LaPlage_Andreas_Gerhardt_Photographer_Tatjana_Patitz_Lindbergh_SchwarzWeiss_Analog3c_R003-018dup-200x300.jpg' alt='' title='Die Zeit vergeht'  itemprop=\"thumbnailUrl\"  \/><\/a><\/div><\/div><\/div><\/div>\n<div class=\"flex_column av_one_third  flex_column_div av-zero-column-padding   avia-builder-el-12  el_after_av_one_third  el_before_av_one_third  column-top-margin\" style='border-radius:0px; '><div  class='avia-image-container  av-styling-no-styling av-hover-grow noHover  av-overlay-on-hover   avia-builder-el-13  avia-builder-el-no-sibling  avia-align-center '  itemprop=\"image\" itemscope=\"itemscope\" itemtype=\"https:\/\/schema.org\/ImageObject\"  ><div class='avia-image-container-inner'><div class='avia-image-overlay-wrap'><a href='https:\/\/grand-vide.com\/deuxieme-jour\/' class='avia_image'  ><div class='av-image-caption-overlay'><div class='av-caption-image-overlay-bg' style='opacity:0.8; background-color:#ffffff; '><\/div><div class='av-image-caption-overlay-position'><div class='av-image-caption-overlay-center' style='color:#707070; '><p>deuxi\u00e8me jour<\/p>\n<\/div><\/div><\/div><img class='avia_image ' src='https:\/\/grand-vide.com\/wp-content\/uploads\/2018\/05\/dogma95_normandie_trouville_deauville_GrandVide_Mode_LaPlage_Andreas_Gerhardt_Photographer_Tatjana_Patitz_Lindbergh_SchwarzWeiss_Analog_001-017dup-200x300.jpg' alt='' title='Danach ...'  itemprop=\"thumbnailUrl\"  \/><\/a><\/div><\/div><\/div><\/div>\n<div class=\"flex_column av_one_third  flex_column_div av-zero-column-padding   avia-builder-el-14  el_after_av_one_third  el_before_av_hr  column-top-margin\" style='border-radius:0px; '><div  class='avia-image-container  av-styling-no-styling av-hover-grow noHover  av-overlay-on-hover   avia-builder-el-15  avia-builder-el-no-sibling  avia-align-center '  itemprop=\"image\" itemscope=\"itemscope\" itemtype=\"https:\/\/schema.org\/ImageObject\"  ><div class='avia-image-container-inner'><div class='avia-image-overlay-wrap'><a href='https:\/\/grand-vide.com\/troisieme-jour\/' class='avia_image'  ><div class='av-image-caption-overlay'><div class='av-caption-image-overlay-bg' style='opacity:0.8; background-color:#ffffff; '><\/div><div class='av-image-caption-overlay-position'><div class='av-image-caption-overlay-center' style='color:#707070; '><p>troisi\u00e8me jour<\/p>\n<\/div><\/div><\/div><img class='avia_image ' src='https:\/\/grand-vide.com\/wp-content\/uploads\/2018\/06\/dogma95_normandie_trouville_deauville_GrandVide_Mode_LaPlage_Andreas_Gerhardt_Photographer_Tatjana_Patitz_Lindbergh_Shooting005-026dup-200x300.jpg' alt='' title='Warten am Zug'  itemprop=\"thumbnailUrl\"  \/><\/a><\/div><\/div><\/div><\/div>\n<div   class='hr hr-default   avia-builder-el-16  el_after_av_one_third  el_before_av_social_share '><span class='hr-inner ' ><span class='hr-inner-style'><\/span><\/span><\/div>\n<div  class='av-social-sharing-box  avia-builder-el-17  el_after_av_hr  avia-builder-el-last  av-social-sharing-box-minimal '><div class='av-share-box'><h5 class='av-share-link-description av-no-toc '>share grand vide<\/h5><ul class='av-share-box-list noLightbox'><li class='av-share-link av-social-link-facebook' ><a target=\"_blank\" aria-label=\"Partager sur Facebook\" href='https:\/\/www.facebook.com\/sharer.php?u=https:\/\/grand-vide.com\/fr\/grand-vide\/&#038;t=Grand%20Vide' aria-hidden='true' data-av_icon='\ue8f3' data-av_iconfont='entypo-fontello' title='' data-avia-related-tooltip='Partager sur Facebook'><span class='avia_hidden_link_text'>Partager sur Facebook<\/span><\/a><\/li><li class='av-share-link av-social-link-twitter' ><a target=\"_blank\" aria-label=\"Partager sur Twitter\" href='https:\/\/twitter.com\/share?text=Grand%20Vide&#038;url=https:\/\/grand-vide.com\/fr\/?p=1053' aria-hidden='true' data-av_icon='\ue8f1' data-av_iconfont='entypo-fontello' title='' data-avia-related-tooltip='Partager sur Twitter'><span class='avia_hidden_link_text'>Partager sur Twitter<\/span><\/a><\/li><li class='av-share-link av-social-link-pinterest' ><a target=\"_blank\" aria-label=\"Partager sur Pinterest\" href='https:\/\/pinterest.com\/pin\/create\/button\/?url=https%3A%2F%2Fgrand-vide.com%2Ffr%2Fgrand-vide%2F&#038;description=Grand%20Vide&#038;media=' aria-hidden='true' data-av_icon='\ue8f8' data-av_iconfont='entypo-fontello' title='' data-avia-related-tooltip='Partager sur Pinterest'><span class='avia_hidden_link_text'>Partager sur Pinterest<\/span><\/a><\/li><li class='av-share-link av-social-link-linkedin' ><a target=\"_blank\" aria-label=\"Partager sur LinkedIn\" href='https:\/\/linkedin.com\/shareArticle?mini=true&#038;title=Grand%20Vide&#038;url=https:\/\/grand-vide.com\/fr\/grand-vide\/' aria-hidden='true' data-av_icon='\ue8fc' data-av_iconfont='entypo-fontello' title='' data-avia-related-tooltip='Partager sur LinkedIn'><span class='avia_hidden_link_text'>Partager sur LinkedIn<\/span><\/a><\/li><li class='av-share-link av-social-link-reddit' ><a target=\"_blank\" aria-label=\"Partager sur Reddit\" href='https:\/\/reddit.com\/submit?url=https:\/\/grand-vide.com\/fr\/grand-vide\/&#038;title=Grand%20Vide' aria-hidden='true' data-av_icon='\ue927' data-av_iconfont='entypo-fontello' title='' data-avia-related-tooltip='Partager sur Reddit'><span class='avia_hidden_link_text'>Partager sur Reddit<\/span><\/a><\/li><li class='av-share-link av-social-link-mail' ><a  aria-label=\"Partager par Mail\" href='mailto:?subject=Grand%20Vide&#038;body=https:\/\/grand-vide.com\/fr\/grand-vide\/' aria-hidden='true' data-av_icon='\ue805' data-av_iconfont='entypo-fontello' title='' data-avia-related-tooltip='Partager par Mail'><span class='avia_hidden_link_text'>Partager par Mail<\/span><\/a><\/li><\/ul><\/div><\/div>\n","protected":false},"excerpt":{"rendered":"","protected":false},"author":1,"featured_media":0,"parent":0,"menu_order":8,"comment_status":"closed","ping_status":"closed","template":"","meta":{"footnotes":""},"class_list":["post-1053","page","type-page","status-publish","hentry"],"yoast_head":"<!-- This site is optimized with the Yoast SEO plugin v26.9 - https:\/\/yoast.com\/product\/yoast-seo-wordpress\/ -->\n<title>Grand Vide Projekt Dogma95 Andreas Gerhardt Fotograf<\/title>\n<meta name=\"description\" content=\"Grand Vide ist ein Projekt des deutschen Fotografen Andreas Gerhardt. Es folgt unter der Verneigung davor den Prinzipien von Dogma95 und deren Umsetzung.\" \/>\n<meta name=\"robots\" content=\"index, follow, max-snippet:-1, max-image-preview:large, max-video-preview:-1\" \/>\n<link rel=\"canonical\" href=\"https:\/\/grand-vide.com\/fr\/grand-vide\/\" \/>\n<meta property=\"og:locale\" content=\"fr_FR\" \/>\n<meta property=\"og:type\" content=\"article\" \/>\n<meta property=\"og:title\" content=\"Grand Vide Projekt Dogma95 Andreas Gerhardt Fotograf\" \/>\n<meta property=\"og:description\" content=\"Grand Vide ist ein Projekt des deutschen Fotografen Andreas Gerhardt. Es folgt unter der Verneigung davor den Prinzipien von Dogma95 und deren Umsetzung.\" \/>\n<meta property=\"og:url\" content=\"https:\/\/grand-vide.com\/fr\/grand-vide\/\" \/>\n<meta property=\"og:site_name\" content=\"Grand Vide\" \/>\n<meta property=\"article:publisher\" content=\"https:\/\/de-de.facebook.com\/andreas.gerhardt.photographer\" \/>\n<meta property=\"article:modified_time\" content=\"2020-11-26T09:10:00+00:00\" \/>\n<meta name=\"twitter:card\" content=\"summary_large_image\" \/>\n<meta name=\"twitter:label1\" content=\"Dur\u00e9e de lecture estim\u00e9e\" \/>\n\t<meta name=\"twitter:data1\" content=\"17 minutes\" \/>\n<script type=\"application\/ld+json\" class=\"yoast-schema-graph\">{\"@context\":\"https:\/\/schema.org\",\"@graph\":[{\"@type\":\"WebPage\",\"@id\":\"https:\/\/grand-vide.com\/fr\/grand-vide\/\",\"url\":\"https:\/\/grand-vide.com\/fr\/grand-vide\/\",\"name\":\"Grand Vide Projekt Dogma95 Andreas Gerhardt Fotograf\",\"isPartOf\":{\"@id\":\"https:\/\/grand-vide.com\/fr\/#website\"},\"datePublished\":\"2016-10-10T16:03:04+00:00\",\"dateModified\":\"2020-11-26T09:10:00+00:00\",\"description\":\"Grand Vide ist ein Projekt des deutschen Fotografen Andreas Gerhardt. Es folgt unter der Verneigung davor den Prinzipien von Dogma95 und deren Umsetzung.\",\"breadcrumb\":{\"@id\":\"https:\/\/grand-vide.com\/fr\/grand-vide\/#breadcrumb\"},\"inLanguage\":\"fr-FR\",\"potentialAction\":[{\"@type\":\"ReadAction\",\"target\":[\"https:\/\/grand-vide.com\/fr\/grand-vide\/\"]}]},{\"@type\":\"BreadcrumbList\",\"@id\":\"https:\/\/grand-vide.com\/fr\/grand-vide\/#breadcrumb\",\"itemListElement\":[{\"@type\":\"ListItem\",\"position\":1,\"name\":\"Startseite\",\"item\":\"https:\/\/grand-vide.com\/fr\/\"},{\"@type\":\"ListItem\",\"position\":2,\"name\":\"Grand Vide\"}]},{\"@type\":\"WebSite\",\"@id\":\"https:\/\/grand-vide.com\/fr\/#website\",\"url\":\"https:\/\/grand-vide.com\/fr\/\",\"name\":\"Grand Vide\",\"description\":\"Photograph Dogma95\",\"publisher\":{\"@id\":\"https:\/\/grand-vide.com\/fr\/#organization\"},\"potentialAction\":[{\"@type\":\"SearchAction\",\"target\":{\"@type\":\"EntryPoint\",\"urlTemplate\":\"https:\/\/grand-vide.com\/fr\/?s={search_term_string}\"},\"query-input\":{\"@type\":\"PropertyValueSpecification\",\"valueRequired\":true,\"valueName\":\"search_term_string\"}}],\"inLanguage\":\"fr-FR\"},{\"@type\":\"Organization\",\"@id\":\"https:\/\/grand-vide.com\/fr\/#organization\",\"name\":\"grand-vide Andreas Gerhardt\",\"url\":\"https:\/\/grand-vide.com\/fr\/\",\"logo\":{\"@type\":\"ImageObject\",\"inLanguage\":\"fr-FR\",\"@id\":\"https:\/\/grand-vide.com\/fr\/#\/schema\/logo\/image\/\",\"url\":\"https:\/\/grand-vide.com\/wp-content\/uploads\/2019\/01\/Logo2.png\",\"contentUrl\":\"https:\/\/grand-vide.com\/wp-content\/uploads\/2019\/01\/Logo2.png\",\"width\":340,\"height\":156,\"caption\":\"grand-vide Andreas Gerhardt\"},\"image\":{\"@id\":\"https:\/\/grand-vide.com\/fr\/#\/schema\/logo\/image\/\"},\"sameAs\":[\"https:\/\/de-de.facebook.com\/andreas.gerhardt.photographer\",\"https:\/\/www.instagram.com\/photographer_andreas\/\",\"https:\/\/www.linkedin.com\/in\/andreas-gerhardt-8622ab\/\",\"https:\/\/www.pinterest.de\/andreas_g_fotograf\/\",\"https:\/\/www.youtube.com\/channel\/UCIZAUAb16DOthxXzKzDq0DA\"]}]}<\/script>\n<!-- \/ Yoast SEO plugin. -->","yoast_head_json":{"title":"Grand Vide Projekt Dogma95 Andreas Gerhardt Fotograf","description":"Grand Vide ist ein Projekt des deutschen Fotografen Andreas Gerhardt. Es folgt unter der Verneigung davor den Prinzipien von Dogma95 und deren Umsetzung.","robots":{"index":"index","follow":"follow","max-snippet":"max-snippet:-1","max-image-preview":"max-image-preview:large","max-video-preview":"max-video-preview:-1"},"canonical":"https:\/\/grand-vide.com\/fr\/grand-vide\/","og_locale":"fr_FR","og_type":"article","og_title":"Grand Vide Projekt Dogma95 Andreas Gerhardt Fotograf","og_description":"Grand Vide ist ein Projekt des deutschen Fotografen Andreas Gerhardt. Es folgt unter der Verneigung davor den Prinzipien von Dogma95 und deren Umsetzung.","og_url":"https:\/\/grand-vide.com\/fr\/grand-vide\/","og_site_name":"Grand Vide","article_publisher":"https:\/\/de-de.facebook.com\/andreas.gerhardt.photographer","article_modified_time":"2020-11-26T09:10:00+00:00","twitter_card":"summary_large_image","twitter_misc":{"Dur\u00e9e de lecture estim\u00e9e":"17 minutes"},"schema":{"@context":"https:\/\/schema.org","@graph":[{"@type":"WebPage","@id":"https:\/\/grand-vide.com\/fr\/grand-vide\/","url":"https:\/\/grand-vide.com\/fr\/grand-vide\/","name":"Grand Vide Projekt Dogma95 Andreas Gerhardt Fotograf","isPartOf":{"@id":"https:\/\/grand-vide.com\/fr\/#website"},"datePublished":"2016-10-10T16:03:04+00:00","dateModified":"2020-11-26T09:10:00+00:00","description":"Grand Vide ist ein Projekt des deutschen Fotografen Andreas Gerhardt. Es folgt unter der Verneigung davor den Prinzipien von Dogma95 und deren Umsetzung.","breadcrumb":{"@id":"https:\/\/grand-vide.com\/fr\/grand-vide\/#breadcrumb"},"inLanguage":"fr-FR","potentialAction":[{"@type":"ReadAction","target":["https:\/\/grand-vide.com\/fr\/grand-vide\/"]}]},{"@type":"BreadcrumbList","@id":"https:\/\/grand-vide.com\/fr\/grand-vide\/#breadcrumb","itemListElement":[{"@type":"ListItem","position":1,"name":"Startseite","item":"https:\/\/grand-vide.com\/fr\/"},{"@type":"ListItem","position":2,"name":"Grand Vide"}]},{"@type":"WebSite","@id":"https:\/\/grand-vide.com\/fr\/#website","url":"https:\/\/grand-vide.com\/fr\/","name":"Grand Vide","description":"Photograph Dogma95","publisher":{"@id":"https:\/\/grand-vide.com\/fr\/#organization"},"potentialAction":[{"@type":"SearchAction","target":{"@type":"EntryPoint","urlTemplate":"https:\/\/grand-vide.com\/fr\/?s={search_term_string}"},"query-input":{"@type":"PropertyValueSpecification","valueRequired":true,"valueName":"search_term_string"}}],"inLanguage":"fr-FR"},{"@type":"Organization","@id":"https:\/\/grand-vide.com\/fr\/#organization","name":"grand-vide Andreas Gerhardt","url":"https:\/\/grand-vide.com\/fr\/","logo":{"@type":"ImageObject","inLanguage":"fr-FR","@id":"https:\/\/grand-vide.com\/fr\/#\/schema\/logo\/image\/","url":"https:\/\/grand-vide.com\/wp-content\/uploads\/2019\/01\/Logo2.png","contentUrl":"https:\/\/grand-vide.com\/wp-content\/uploads\/2019\/01\/Logo2.png","width":340,"height":156,"caption":"grand-vide Andreas Gerhardt"},"image":{"@id":"https:\/\/grand-vide.com\/fr\/#\/schema\/logo\/image\/"},"sameAs":["https:\/\/de-de.facebook.com\/andreas.gerhardt.photographer","https:\/\/www.instagram.com\/photographer_andreas\/","https:\/\/www.linkedin.com\/in\/andreas-gerhardt-8622ab\/","https:\/\/www.pinterest.de\/andreas_g_fotograf\/","https:\/\/www.youtube.com\/channel\/UCIZAUAb16DOthxXzKzDq0DA"]}]}},"_links":{"self":[{"href":"https:\/\/grand-vide.com\/fr\/wp-json\/wp\/v2\/pages\/1053","targetHints":{"allow":["GET"]}}],"collection":[{"href":"https:\/\/grand-vide.com\/fr\/wp-json\/wp\/v2\/pages"}],"about":[{"href":"https:\/\/grand-vide.com\/fr\/wp-json\/wp\/v2\/types\/page"}],"author":[{"embeddable":true,"href":"https:\/\/grand-vide.com\/fr\/wp-json\/wp\/v2\/users\/1"}],"replies":[{"embeddable":true,"href":"https:\/\/grand-vide.com\/fr\/wp-json\/wp\/v2\/comments?post=1053"}],"version-history":[{"count":6,"href":"https:\/\/grand-vide.com\/fr\/wp-json\/wp\/v2\/pages\/1053\/revisions"}],"predecessor-version":[{"id":1210,"href":"https:\/\/grand-vide.com\/fr\/wp-json\/wp\/v2\/pages\/1053\/revisions\/1210"}],"wp:attachment":[{"href":"https:\/\/grand-vide.com\/fr\/wp-json\/wp\/v2\/media?parent=1053"}],"curies":[{"name":"wp","href":"https:\/\/api.w.org\/{rel}","templated":true}]}}